{"id":9,"date":"2016-05-01T10:24:20","date_gmt":"2016-05-01T10:24:20","guid":{"rendered":"https:\/\/nickel-rechtsanwaeltin.de\/?page_id=9"},"modified":"2025-11-11T18:39:02","modified_gmt":"2025-11-11T18:39:02","slug":"startseite","status":"publish","type":"page","link":"https:\/\/nickel-rechtsanwaeltin.de\/","title":{"rendered":"Startseite"},"content":{"rendered":"<div   class='avia-fullscreen-slider main_color   avia-builder-el-0  el_before_av_one_half  avia-builder-el-first  container_wrap fullsize'  ><a href='#next-section' title='' class='scroll-down-link  avia-svg-icon avia-font-svg_entypo-fontello' data-av_svg_icon='down-open-mini' data-av_iconset='svg_entypo-fontello'><svg version=\"1.1\" xmlns=\"http:\/\/www.w3.org\/2000\/svg\" width=\"15\" height=\"32\" viewBox=\"0 0 15 32\" preserveAspectRatio=\"xMidYMid meet\" aria-labelledby='av-svg-title-1' aria-describedby='av-svg-desc-1' role=\"graphics-symbol\" aria-hidden=\"true\">\n<title id='av-svg-title-1'>Scroll to next section<\/title>\n<desc id='av-svg-desc-1'>Scroll to next section<\/desc>\n<path d=\"M12.96 12.16q0.704-0.832 1.536 0 0.832 0.704 0 1.536l-6.272 6.144q-0.704 0.704-1.536 0l-6.272-6.144q-0.832-0.832 0-1.536 0.768-0.768 1.6 0l5.44 4.992z\"><\/path>\n<\/svg><\/a><div  class='avia-slideshow av-av_fullscreen-fd539ba56ac3aeb4d62f8bece0ff98fa avia-slideshow-no scaling av_fullscreen avia-slide-slider av-slideshow-ui av-slideshow-autoplay av-loop-endless av-loop-manual-endless av-slider-scroll-down-active av-default-height-applied   avia-slideshow-1' data-slideshow-options=\"{&quot;animation&quot;:&quot;slide&quot;,&quot;autoplay&quot;:true,&quot;loop_autoplay&quot;:&quot;endless&quot;,&quot;interval&quot;:5,&quot;loop_manual&quot;:&quot;manual-endless&quot;,&quot;autoplay_stopper&quot;:false,&quot;noNavigation&quot;:false,&quot;bg_slider&quot;:true,&quot;keep_padding&quot;:false,&quot;hoverpause&quot;:false,&quot;show_slide_delay&quot;:0,&quot;slide_height&quot;:&quot;100&quot;,&quot;image_attachment&quot;:&quot;&quot;}\"  itemprop=\"image\" itemscope=\"itemscope\" itemtype=\"https:\/\/schema.org\/ImageObject\" ><ul class='avia-slideshow-inner ' style='padding-bottom: 66.64691943128%;'><li style='background-position:top left;' data-img-url='https:\/\/nickel-rechtsanwaeltin.de\/wp-content\/uploads\/2025\/11\/slider_02_wuerfel.jpg' class='avia-slideshow-slide av-av_fullscreen-fd539ba56ac3aeb4d62f8bece0ff98fa__0  slide-1 slide-odd'><div data-rel='slideshow-1' class='avia-slide-wrap '   ><div class='av-slideshow-caption av-av_fullscreen-fd539ba56ac3aeb4d62f8bece0ff98fa__0 caption_fullwidth caption_left caption_left_framed caption_framed'><div class=\"container caption_container\"><div class=\"slideshow_caption\"><div class=\"slideshow_inner_caption\"><div class=\"slideshow_align_caption\"><h2 class='avia-caption-title '  itemprop=\"name\" >MARTINA NICKEL<\/h2><div class='avia-caption-content '  itemprop=\"description\" ><p>Ihre Rechtsanw\u00e4ltin in R\u00f6dinghausen f\u00fcr:<br \/>\n&#8211; Arbeitsrecht<br \/>\n&#8211; Ehe- und Familienrecht<br \/>\n&#8211; Miet- und Immobilienrecht<br \/>\n&#8211; Stra\u00dfenverkehrsrecht<br \/>\n&#8211; Vertragsrecht<\/p>\n<\/div><\/div><\/div><\/div><\/div><\/div><div class='av-section-color-overlay' style='opacity: 0.1; background-color: #000000; '><\/div><\/div><\/li><li style='background-position:top left;' data-img-url='https:\/\/nickel-rechtsanwaeltin.de\/wp-content\/uploads\/2025\/11\/slider_01_paragraph.jpg' class='avia-slideshow-slide av-av_fullscreen-fd539ba56ac3aeb4d62f8bece0ff98fa__1  slide-2 slide-even'><div data-rel='slideshow-1' class='avia-slide-wrap '   ><\/div><\/li><li style='background-position:top left;' data-img-url='https:\/\/nickel-rechtsanwaeltin.de\/wp-content\/uploads\/2025\/11\/slider_04_justitia.jpg' class='avia-slideshow-slide av-av_fullscreen-fd539ba56ac3aeb4d62f8bece0ff98fa__2  slide-3 slide-odd'><div data-rel='slideshow-1' class='avia-slide-wrap '   ><\/div><\/li><li style='background-position:top left;' data-img-url='https:\/\/nickel-rechtsanwaeltin.de\/wp-content\/uploads\/2025\/11\/slider_05_service.jpg' class='avia-slideshow-slide av-av_fullscreen-fd539ba56ac3aeb4d62f8bece0ff98fa__3  slide-4 slide-even'><div data-rel='slideshow-1' class='avia-slide-wrap '   ><\/div><\/li><li style='background-position:top left;' data-img-url='https:\/\/nickel-rechtsanwaeltin.de\/wp-content\/uploads\/2025\/11\/slider_03_waage.jpg' class='avia-slideshow-slide av-av_fullscreen-fd539ba56ac3aeb4d62f8bece0ff98fa__4  slide-5 slide-odd'><div data-rel='slideshow-1' class='avia-slide-wrap '   ><\/div><\/li><\/ul><div class='avia-slideshow-arrows avia-slideshow-controls' ><a href='#prev' class='prev-slide  avia-svg-icon avia-font-svg_entypo-fontello' data-av_svg_icon='left-open-big' data-av_iconset='svg_entypo-fontello' tabindex='-1' title=\"Zur\u00fcck\"><svg version=\"1.1\" xmlns=\"http:\/\/www.w3.org\/2000\/svg\" width=\"15\" height=\"32\" viewBox=\"0 0 15 32\" preserveAspectRatio=\"xMidYMid meet\" aria-labelledby='av-svg-title-2' aria-describedby='av-svg-desc-2' role=\"graphics-symbol\" aria-hidden=\"true\">\n<title id='av-svg-title-2'>Zur\u00fcck<\/title>\n<desc id='av-svg-desc-2'>Zur\u00fcck<\/desc>\n<path d=\"M14.464 27.84q0.832 0.832 0 1.536-0.832 0.832-1.536 0l-12.544-12.608q-0.768-0.768 0-1.6l12.544-12.608q0.704-0.832 1.536 0 0.832 0.704 0 1.536l-11.456 11.904z\"><\/path>\n<\/svg><span class='avia_hidden_link_text'>Zur\u00fcck<\/span><\/a><a href='#next' class='next-slide  avia-svg-icon avia-font-svg_entypo-fontello' data-av_svg_icon='right-open-big' data-av_iconset='svg_entypo-fontello' tabindex='-1' title=\"Weiter\"><svg version=\"1.1\" xmlns=\"http:\/\/www.w3.org\/2000\/svg\" width=\"15\" height=\"32\" viewBox=\"0 0 15 32\" preserveAspectRatio=\"xMidYMid meet\" aria-labelledby='av-svg-title-3' aria-describedby='av-svg-desc-3' role=\"graphics-symbol\" aria-hidden=\"true\">\n<title id='av-svg-title-3'>Weiter<\/title>\n<desc id='av-svg-desc-3'>Weiter<\/desc>\n<path d=\"M0.416 27.84l11.456-11.84-11.456-11.904q-0.832-0.832 0-1.536 0.832-0.832 1.536 0l12.544 12.608q0.768 0.832 0 1.6l-12.544 12.608q-0.704 0.832-1.536 0-0.832-0.704 0-1.536z\"><\/path>\n<\/svg><span class='avia_hidden_link_text'>Weiter<\/span><\/a><\/div><div class='avia-slideshow-dots avia-slideshow-controls'><a href='#1' class='goto-slide active' >1<\/a><a href='#2' class='goto-slide ' >2<\/a><a href='#3' class='goto-slide ' >3<\/a><a href='#4' class='goto-slide ' >4<\/a><a href='#5' class='goto-slide ' >5<\/a><\/div><\/div><\/div><div id='after_full_slider_1'  class='main_color av_default_container_wrap container_wrap fullsize'  ><div class='container av-section-cont-open' ><div class='template-page content  av-content-full alpha units'><div class='post-entry post-entry-type-page post-entry-9'><div class='entry-content-wrapper clearfix'>\n\n<style type=\"text\/css\" data-created_by=\"avia_inline_auto\" id=\"style-css-av-av_one_half-9497bbf8bff73ea4c6992cc17fa9ec36\">\n.flex_column.av-av_one_half-9497bbf8bff73ea4c6992cc17fa9ec36{\nborder-radius:0px 0px 0px 0px;\npadding:0px 0px 0px 0px;\n}\n<\/style>\n<div  class='flex_column av-av_one_half-9497bbf8bff73ea4c6992cc17fa9ec36 av_one_half  avia-builder-el-1  el_after_av_fullscreen  el_before_av_one_half  avia-builder-el-first  first flex_column_div av-zero-column-padding  '     ><p>\n<style type=\"text\/css\" data-created_by=\"avia_inline_auto\" id=\"style-css-av-av_heading-61d43d5beb7557a36dcb462bc8491ad8\">\n#top .av-special-heading.av-av_heading-61d43d5beb7557a36dcb462bc8491ad8{\npadding-bottom:20px;\n}\nbody .av-special-heading.av-av_heading-61d43d5beb7557a36dcb462bc8491ad8 .av-special-heading-tag .heading-char{\nfont-size:25px;\n}\n.av-special-heading.av-av_heading-61d43d5beb7557a36dcb462bc8491ad8 .av-subheading{\nfont-size:15px;\n}\n<\/style>\n<div  class='av-special-heading av-av_heading-61d43d5beb7557a36dcb462bc8491ad8 av-special-heading-h1 blockquote modern-quote modern-centered  avia-builder-el-2  el_before_av_image  avia-builder-el-first '><h1 class='av-special-heading-tag '  itemprop=\"headline\"  >Rechtsanwaltskanzlei Martina Nickel<\/h1><div class='av-subheading av-subheading_below'><p>R\u00f6dinghausen<\/p>\n<\/div><div class=\"special-heading-border\"><div class=\"special-heading-inner-border\"><\/div><\/div><\/div><br \/>\n\n<style type=\"text\/css\" data-created_by=\"avia_inline_auto\" id=\"style-css-av-av_image-16f0acd6b4bc3c39fcd65230421a004a\">\n.avia-image-container.av-av_image-16f0acd6b4bc3c39fcd65230421a004a img.avia_image{\nbox-shadow:none;\n}\n.avia-image-container.av-av_image-16f0acd6b4bc3c39fcd65230421a004a .av-image-caption-overlay-center{\ncolor:#b2b2b2;\nfont-size:10px;\n}\n<\/style>\n<div  class='avia-image-container av-av_image-16f0acd6b4bc3c39fcd65230421a004a av-styling- avia-align-center  avia-builder-el-3  el_after_av_heading  el_before_av_textblock '   itemprop=\"image\" itemscope=\"itemscope\" itemtype=\"https:\/\/schema.org\/ImageObject\" ><div class=\"avia-image-container-inner\"><div class=\"avia-image-overlay-wrap\"><img fetchpriority=\"high\" class='wp-image-72 avia-img-lazy-loading-not-72 avia_image ' src='https:\/\/nickel-rechtsanwaeltin.de\/wp-content\/uploads\/2017\/11\/Martina-Nickel-300x199.jpg' alt='Foto: Life \u2013 das Stadtmagazin' title='Martina-Nickel'  height=\"199\" width=\"300\"  itemprop=\"thumbnailUrl\"  \/><\/div><\/div><\/div><br \/>\n\n<style type=\"text\/css\" data-created_by=\"avia_inline_auto\" id=\"style-css-av-av_textblock-5ea10198b21ddc66e53f40d7cb1b3857\">\n#top .av_textblock_section.av-av_textblock-5ea10198b21ddc66e53f40d7cb1b3857 .avia_textblock{\nfont-size:10px;\ncolor:#a5a5a5;\n}\n<\/style>\n<section  class='av_textblock_section av-av_textblock-5ea10198b21ddc66e53f40d7cb1b3857 '   itemscope=\"itemscope\" itemtype=\"https:\/\/schema.org\/CreativeWork\" ><div class='avia_textblock av_inherit_color'  itemprop=\"text\" ><p style=\"text-align: center;\">Foto: Life \u2013 das Stadtmagazin<\/p>\n<\/div><\/section><\/p><\/div>\n\n<style type=\"text\/css\" data-created_by=\"avia_inline_auto\" id=\"style-css-av-av_one_half-9c1d454dc06f7247226bc4e8f931daae\">\n.flex_column.av-av_one_half-9c1d454dc06f7247226bc4e8f931daae{\nborder-radius:0px 0px 0px 0px;\npadding:0px 0px 0px 0px;\n}\n<\/style>\n<div  class='flex_column av-av_one_half-9c1d454dc06f7247226bc4e8f931daae av_one_half  avia-builder-el-5  el_after_av_one_half  el_before_av_one_full  flex_column_div av-zero-column-padding  '     ><section  class='av_textblock_section av-av_textblock-0366cc7376be6c9e82a3e9cc8987b64f '   itemscope=\"itemscope\" itemtype=\"https:\/\/schema.org\/CreativeWork\" ><div class='avia_textblock'  itemprop=\"text\" ><p>Es entstehen Situationen im Leben, bei denen man an seine Grenzen gelangt und nicht zu seinem Recht kommt. Mit Beginn Ihrer Kontaktaufnahme verstehe ich mich als fach-kundige Beraterin, ein pers\u00f6nliches Vertrauensverh\u00e4ltnis ist eine Selbstverst\u00e4ndlichkeit.<\/p>\n<p>F\u00fcr meine Kanzlei beginnt die Arbeit nicht erst vor Gericht, auch alternative Konfliktl\u00f6sungen werden aufgezeigt. In der seit 1998 bestehenden Kanzlei wird die klassische anwaltliche T\u00e4tigkeit mit pr\u00e4ventiver und strategischer Beratung verbunden.<\/p>\n<p>Angesichts der schnelllebigen Zeit wird das Hauptaugenmerk dabei stets auf eine individuell ma\u00dfgeschneiderte und einf\u00fchlsame Dienstleistung bei gleichbleibenden Ansprechpartnern gelegt. Eine effiziente und schnelle Bearbeitung der Mandate zeichnet unsere Arbeitsweise aus.<\/p>\n<p>Wir stehen Privatpersonen, Unternehmern und Freiberuflern fachlich kompetent in <em>allen Rechtsangelegenheiten <\/em>zur Seite mit folgenden Interessenschwerpunkten:<\/p>\n<ul>\n<li><a href=\"#arbeitsrecht\">Arbeitsrecht<\/a><\/li>\n<li><a href=\"#familienrecht\">Ehe- und Familienrecht<\/a><\/li>\n<li><a href=\"#immobilienrecht\">Miet- und Immobilienrecht<\/a><\/li>\n<li><a href=\"#strassenverkehrsrecht\">Stra\u00dfenverkehrsrecht<\/a><\/li>\n<li><a href=\"#vertragsrecht\">Vertragsrecht<\/a><\/li>\n<\/ul>\n<\/div><\/section><\/div>\n\n<style type=\"text\/css\" data-created_by=\"avia_inline_auto\" id=\"style-css-av-av_one_full-9497bbf8bff73ea4c6992cc17fa9ec36\">\n.flex_column.av-av_one_full-9497bbf8bff73ea4c6992cc17fa9ec36{\nborder-radius:0px 0px 0px 0px;\npadding:0px 0px 0px 0px;\n}\n<\/style>\n<div  class='flex_column av-av_one_full-9497bbf8bff73ea4c6992cc17fa9ec36 av_one_full  avia-builder-el-7  el_after_av_one_half  el_before_av_one_third  first flex_column_div av-zero-column-padding  column-top-margin'     ><div  class='hr av-av_hr-65856424cbad8c064bc72974be910e19 hr-full  avia-builder-el-8  avia-builder-el-no-sibling  hr-shadow'><span class='hr-inner '><span class=\"hr-inner-style\"><\/span><\/span><\/div><\/div>\n\n<style type=\"text\/css\" data-created_by=\"avia_inline_auto\" id=\"style-css-av-av_one_third-9497bbf8bff73ea4c6992cc17fa9ec36\">\n.flex_column.av-av_one_third-9497bbf8bff73ea4c6992cc17fa9ec36{\nborder-radius:0px 0px 0px 0px;\npadding:0px 0px 0px 0px;\n}\n<\/style>\n<div  class='flex_column av-av_one_third-9497bbf8bff73ea4c6992cc17fa9ec36 av_one_third  avia-builder-el-9  el_after_av_one_full  el_before_av_one_third  first flex_column_div av-zero-column-padding  column-top-margin'     ><p>\n<style type=\"text\/css\" data-created_by=\"avia_inline_auto\" id=\"style-css-av-av_heading-13439c5ed1cae2c3944dfcca4e60e40e\">\n#top .av-special-heading.av-av_heading-13439c5ed1cae2c3944dfcca4e60e40e{\npadding-bottom:10px;\n}\nbody .av-special-heading.av-av_heading-13439c5ed1cae2c3944dfcca4e60e40e .av-special-heading-tag .heading-char{\nfont-size:25px;\n}\n.av-special-heading.av-av_heading-13439c5ed1cae2c3944dfcca4e60e40e .av-subheading{\nfont-size:15px;\n}\n<\/style>\n<div  class='av-special-heading av-av_heading-13439c5ed1cae2c3944dfcca4e60e40e av-special-heading-h2 blockquote modern-quote modern-centered  avia-builder-el-10  el_before_av_textblock  avia-builder-el-first '><div class='av-subheading av-subheading_above'><p><i id=\"arbeitsrecht\" class=\"fa fa-wrench\" style=\"font-size: 50px;\"><\/i><\/p>\n<\/div><h2 class='av-special-heading-tag '  itemprop=\"headline\"  >Arbeitsrecht<\/h2><div class=\"special-heading-border\"><div class=\"special-heading-inner-border\"><\/div><\/div><\/div><br \/>\n<section  class='av_textblock_section av-av_textblock-0366cc7376be6c9e82a3e9cc8987b64f '   itemscope=\"itemscope\" itemtype=\"https:\/\/schema.org\/CreativeWork\" ><div class='avia_textblock'  itemprop=\"text\" ><p>Das Arbeitsrecht umfasst s\u00e4mtliche Bereiche und Konstellationen in Bezug auf ein Arbeitsverh\u00e4ltnis. Im Arbeitsrecht sind auch geregelt, die Berufsausbildung, das Mutterschutzrecht und die Rechte Schwerbehinderter. Oftmals ist fachkundiger Rat <u>vor<\/u> der Abgabe von schriftlichen Erkl\u00e4rungen wichtig und erforderlich oder Sie haben Fragen zum Arbeitsvertrag, der Betriebsvereinbarung, Tarifvertr\u00e4gen oder anderen Regelungen.<\/p>\n<\/div><\/section><br \/>\n<section  class='av_textblock_section av-av_textblock-0366cc7376be6c9e82a3e9cc8987b64f '   itemscope=\"itemscope\" itemtype=\"https:\/\/schema.org\/CreativeWork\" ><div class='avia_textblock'  itemprop=\"text\" ><p>Ich unterst\u00fctze und vertrete Sie <strong><em>gerichtlich und au\u00dfergerichtlich <\/em><\/strong>zu den Themen-komplexen:<\/p>\n<ul>\n<li>Arbeitsvertr\u00e4ge (unbefristete, befristete, nebenberufliche T\u00e4tigkeiten)<\/li>\n<li>Arbeitszeitregelungen<\/li>\n<li>Arbeitsort\/Arbeitseinsatz<\/li>\n<li>Urlaubsanspr\u00fcche und \u00dcberstundenregelungen<\/li>\n<li>Lohnfortzahlung im Krankheitsfall \u2013 Insolvenzausfallgeld bei Insolvenz<\/li>\n<li>Mindestlohn<\/li>\n<li>K\u00fcndigung durch Arbeitnehmer (Arbeitslosengeld, Rentenversicherung etc.)<\/li>\n<li>Abmahnungen<\/li>\n<li>Fragen zum Thema K\u00fcndigungsschutz<\/li>\n<li>Herausgabe von Arbeitspapieren und Zeugnissen<\/li>\n<li>Aufhebungsvertr\u00e4ge<\/li>\n<\/ul>\n<\/div><\/section><\/p><\/div>\n\n<style type=\"text\/css\" data-created_by=\"avia_inline_auto\" id=\"style-css-av-av_one_third-9c1d454dc06f7247226bc4e8f931daae\">\n.flex_column.av-av_one_third-9c1d454dc06f7247226bc4e8f931daae{\nborder-radius:0px 0px 0px 0px;\npadding:0px 0px 0px 0px;\n}\n<\/style>\n<div  class='flex_column av-av_one_third-9c1d454dc06f7247226bc4e8f931daae av_one_third  avia-builder-el-13  el_after_av_one_third  el_before_av_one_third  flex_column_div av-zero-column-padding  column-top-margin'     ><p>\n<style type=\"text\/css\" data-created_by=\"avia_inline_auto\" id=\"style-css-av-av_heading-8cfa10449481d7aaaf7b4b25a9602aac\">\n#top .av-special-heading.av-av_heading-8cfa10449481d7aaaf7b4b25a9602aac{\npadding-bottom:10px;\n}\nbody .av-special-heading.av-av_heading-8cfa10449481d7aaaf7b4b25a9602aac .av-special-heading-tag .heading-char{\nfont-size:25px;\n}\n.av-special-heading.av-av_heading-8cfa10449481d7aaaf7b4b25a9602aac .av-subheading{\nfont-size:15px;\n}\n<\/style>\n<div  class='av-special-heading av-av_heading-8cfa10449481d7aaaf7b4b25a9602aac av-special-heading-h2 blockquote modern-quote modern-centered  avia-builder-el-14  el_before_av_textblock  avia-builder-el-first '><div class='av-subheading av-subheading_above'><p><i id=\"familienrecht\" class=\"fa fa-users\" style=\"font-size: 50px;\"><\/i><\/p>\n<\/div><h2 class='av-special-heading-tag '  itemprop=\"headline\"  >Ehe- und Familienrecht <\/h2><div class=\"special-heading-border\"><div class=\"special-heading-inner-border\"><\/div><\/div><\/div><br \/>\n<section  class='av_textblock_section av-av_textblock-0366cc7376be6c9e82a3e9cc8987b64f '   itemscope=\"itemscope\" itemtype=\"https:\/\/schema.org\/CreativeWork\" ><div class='avia_textblock'  itemprop=\"text\" ><p>Das Ehe- und Familienrecht befasst sich mit den Rechtsverh\u00e4ltnissen in der Ehe, Lebenspartnerschaft und allgemein der Familie und Verwandtschaft. Zur Thematik Ehescheidung betrachte ich die Zusammenarbeit in einem pers\u00f6nlichen Vertrauensverh\u00e4ltnis als selbstverst\u00e4ndlich.<\/p>\n<\/div><\/section><br \/>\n<section  class='av_textblock_section av-av_textblock-0366cc7376be6c9e82a3e9cc8987b64f '   itemscope=\"itemscope\" itemtype=\"https:\/\/schema.org\/CreativeWork\" ><div class='avia_textblock'  itemprop=\"text\" ><ul>\n<li>Trennungszeiten<\/li>\n<li>Verm\u00f6gensverteilung<\/li>\n<li>Unterhalt (Ehegatten- und Kindesunterhalt \u2013 siehe auch D\u00fcsseldorfer Tabelle)<\/li>\n<li>Sorgerecht<\/li>\n<li>Versorgungsausgleich<\/li>\n<li>Umgangsrecht<\/li>\n<li>Scheidungsfolgevereinbarungen<\/li>\n<li>Ehevertr\u00e4ge (G\u00fctertrennung, Zugewinngemeinschaft)<\/li>\n<li>Aufhebung von eingetragenen Lebensgemeinschaften<\/li>\n<li>Ehetauglichkeit (Ehef\u00e4higkeitszeugnis, Ehevoraussetzungen z.B. bei Ehen mit Nicht-EU-B\u00fcrgern)<\/li>\n<li>Unterhaltspflicht von Verwandten, Rechte und Pflichten zwischen Eltern und Kindern<\/li>\n<\/ul>\n<\/div><\/section><\/p><\/div>\n\n<style type=\"text\/css\" data-created_by=\"avia_inline_auto\" id=\"style-css-av-av_one_third-9c1d454dc06f7247226bc4e8f931daae\">\n.flex_column.av-av_one_third-9c1d454dc06f7247226bc4e8f931daae{\nborder-radius:0px 0px 0px 0px;\npadding:0px 0px 0px 0px;\n}\n<\/style>\n<div  class='flex_column av-av_one_third-9c1d454dc06f7247226bc4e8f931daae av_one_third  avia-builder-el-17  el_after_av_one_third  el_before_av_one_half  flex_column_div av-zero-column-padding  column-top-margin'     ><p>\n<style type=\"text\/css\" data-created_by=\"avia_inline_auto\" id=\"style-css-av-av_heading-4ede47caaf737ae38ff68443ded28077\">\n#top .av-special-heading.av-av_heading-4ede47caaf737ae38ff68443ded28077{\npadding-bottom:10px;\n}\nbody .av-special-heading.av-av_heading-4ede47caaf737ae38ff68443ded28077 .av-special-heading-tag .heading-char{\nfont-size:25px;\n}\n.av-special-heading.av-av_heading-4ede47caaf737ae38ff68443ded28077 .av-subheading{\nfont-size:15px;\n}\n<\/style>\n<div  class='av-special-heading av-av_heading-4ede47caaf737ae38ff68443ded28077 av-special-heading-h2 blockquote modern-quote modern-centered  avia-builder-el-18  el_before_av_textblock  avia-builder-el-first '><div class='av-subheading av-subheading_above'><p><i id=\"immobilienrecht\" class=\"fa fa-home\" style=\"font-size: 50px;\"><\/i><\/p>\n<\/div><h2 class='av-special-heading-tag '  itemprop=\"headline\"  >Miet- und Immobilienrecht <\/h2><div class=\"special-heading-border\"><div class=\"special-heading-inner-border\"><\/div><\/div><\/div><br \/>\n<section  class='av_textblock_section av-av_textblock-0366cc7376be6c9e82a3e9cc8987b64f '   itemscope=\"itemscope\" itemtype=\"https:\/\/schema.org\/CreativeWork\" ><div class='avia_textblock'  itemprop=\"text\" ><p>Im Miet- und Immobilienrecht erarbeite ich mit Ihnen gemeinsam die f\u00fcr Ihren Fall beste Strategie, wobei ich stets um eine au\u00dfergerichtliche L\u00f6sung bem\u00fcht bin, Ihr Recht aber auch vor Gericht energisch durchsetzen werde.<\/p>\n<\/div><\/section><br \/>\n<section  class='av_textblock_section av-av_textblock-0366cc7376be6c9e82a3e9cc8987b64f '   itemscope=\"itemscope\" itemtype=\"https:\/\/schema.org\/CreativeWork\" ><div class='avia_textblock'  itemprop=\"text\" ><ul>\n<li>Mietvertrag &#8211; Pr\u00fcfung, Erstellung und \u00c4nderung<\/li>\n<li>Mietsicherheit, Kaution, Betriebs- und Heizkostenabrechnungen<\/li>\n<li>Mieterh\u00f6hungen und -minderung \u2013 Staffelmiete, Indexmiete, Mieterh\u00f6hung bei Modernisierungen, Mietsenkung bei M\u00e4ngeln<\/li>\n<li>Fristlose oder ordentliche K\u00fcndigung<\/li>\n<li>Vertretung in R\u00e4umungsklagen und R\u00e4umungen \/ Zwangsvollstreckung<\/li>\n<li>Sch\u00f6nheitsreparaturen etc.<\/li>\n<li>Beratung und Vertretung hinsichtlich WoEigG oder WEG<\/li>\n<li>Wohnungseigentumsgemeinschaften<\/li>\n<li>Verwaltung von Wohneigentum<\/li>\n<li>Rechtsstreitigkeiten rund ums Wohneigentum<\/li>\n<li>Probleme mit Handwerkern oder bei der Immobiliensanierung<\/li>\n<\/ul>\n<\/div><\/section><\/p><\/div>\n\n<style type=\"text\/css\" data-created_by=\"avia_inline_auto\" id=\"style-css-av-av_one_half-9497bbf8bff73ea4c6992cc17fa9ec36\">\n.flex_column.av-av_one_half-9497bbf8bff73ea4c6992cc17fa9ec36{\nborder-radius:0px 0px 0px 0px;\npadding:0px 0px 0px 0px;\n}\n<\/style>\n<div  class='flex_column av-av_one_half-9497bbf8bff73ea4c6992cc17fa9ec36 av_one_half  avia-builder-el-21  el_after_av_one_third  el_before_av_one_half  first flex_column_div av-zero-column-padding  column-top-margin'     ><p>\n<style type=\"text\/css\" data-created_by=\"avia_inline_auto\" id=\"style-css-av-av_heading-d92c4f3e09ac631ac55054ea15d34318\">\n#top .av-special-heading.av-av_heading-d92c4f3e09ac631ac55054ea15d34318{\npadding-bottom:10px;\n}\nbody .av-special-heading.av-av_heading-d92c4f3e09ac631ac55054ea15d34318 .av-special-heading-tag .heading-char{\nfont-size:25px;\n}\n.av-special-heading.av-av_heading-d92c4f3e09ac631ac55054ea15d34318 .av-subheading{\nfont-size:15px;\n}\n<\/style>\n<div  class='av-special-heading av-av_heading-d92c4f3e09ac631ac55054ea15d34318 av-special-heading-h2 blockquote modern-quote modern-centered  avia-builder-el-22  el_before_av_textblock  avia-builder-el-first '><div class='av-subheading av-subheading_above'><p><i id=\"strassenverkehrsrecht\" class=\"fa fa-car\" style=\"font-size: 50px;\"><\/i><\/p>\n<\/div><h2 class='av-special-heading-tag '  itemprop=\"headline\"  >Stra\u00dfenverkehrsrecht<\/h2><div class=\"special-heading-border\"><div class=\"special-heading-inner-border\"><\/div><\/div><\/div><br \/>\n<section  class='av_textblock_section av-av_textblock-0366cc7376be6c9e82a3e9cc8987b64f '   itemscope=\"itemscope\" itemtype=\"https:\/\/schema.org\/CreativeWork\" ><div class='avia_textblock'  itemprop=\"text\" ><p>Ob es sich um Verst\u00f6\u00dfe gegen die Stra\u00dfenverkehrsordnung oder um Schadensersatz-anspr\u00fcche auf Grund eines Verkehrsunfalles handelt, ich berate und vertrete Sie kompetent bei folgenden, sowie anderen Sachverhalten aus dem Verkehrsrecht.<\/p>\n<\/div><\/section><br \/>\n<section  class='av_textblock_section av-av_textblock-0366cc7376be6c9e82a3e9cc8987b64f '   itemscope=\"itemscope\" itemtype=\"https:\/\/schema.org\/CreativeWork\" ><div class='avia_textblock'  itemprop=\"text\" ><ul>\n<li>Regulierung von Verkehrsunf\u00e4llen sowie der Durchsetzung von Anspr\u00fcchen auf Schadensersatz und Schmerzensgeld<\/li>\n<li>Bu\u00dfgeldbescheiden oder drohendem Fahrverbot<em>,<\/em> z.B. wegen \u00fcberh\u00f6hter Geschwindigkeit, Fahren unter Alkohol-\/Drogeneinfluss, etc.<\/li>\n<li>Verkehrsstrafrechtlichen Tatbest\u00e4nden wie z.B.: Fahren ohne F\u00fchrerschein, Trunkenheit oder K\u00f6rperverletzung, Fahrerflucht etc.<\/li>\n<li>Kraftfahrzeugkauf, Reparatur oder Leasing, Geltendmachung von Garantie- und Gew\u00e4hrleistungsanspr\u00fcchen oder dem R\u00fccktritt vom Kaufvertrag<\/li>\n<\/ul>\n<\/div><\/section><\/p><\/div>\n\n<style type=\"text\/css\" data-created_by=\"avia_inline_auto\" id=\"style-css-av-av_one_half-9c1d454dc06f7247226bc4e8f931daae\">\n.flex_column.av-av_one_half-9c1d454dc06f7247226bc4e8f931daae{\nborder-radius:0px 0px 0px 0px;\npadding:0px 0px 0px 0px;\n}\n<\/style>\n<div  class='flex_column av-av_one_half-9c1d454dc06f7247226bc4e8f931daae av_one_half  avia-builder-el-25  el_after_av_one_half  el_before_av_image  flex_column_div av-zero-column-padding  column-top-margin'     ><p>\n<style type=\"text\/css\" data-created_by=\"avia_inline_auto\" id=\"style-css-av-av_heading-87faf0f8a65b115ffcdc77a0b130a406\">\n#top .av-special-heading.av-av_heading-87faf0f8a65b115ffcdc77a0b130a406{\npadding-bottom:10px;\n}\nbody .av-special-heading.av-av_heading-87faf0f8a65b115ffcdc77a0b130a406 .av-special-heading-tag .heading-char{\nfont-size:25px;\n}\n.av-special-heading.av-av_heading-87faf0f8a65b115ffcdc77a0b130a406 .av-subheading{\nfont-size:15px;\n}\n<\/style>\n<div  class='av-special-heading av-av_heading-87faf0f8a65b115ffcdc77a0b130a406 av-special-heading-h2 blockquote modern-quote modern-centered  avia-builder-el-26  el_before_av_textblock  avia-builder-el-first '><div class='av-subheading av-subheading_above'><p><i id=\"vertragsrecht\" class=\"fa fa-paperclip\" style=\"font-size: 50px;\"><\/i><\/p>\n<\/div><h2 class='av-special-heading-tag '  itemprop=\"headline\"  >Vertragsrecht<\/h2><div class=\"special-heading-border\"><div class=\"special-heading-inner-border\"><\/div><\/div><\/div><br \/>\n<section  class='av_textblock_section av-av_textblock-0366cc7376be6c9e82a3e9cc8987b64f '   itemscope=\"itemscope\" itemtype=\"https:\/\/schema.org\/CreativeWork\" ><div class='avia_textblock'  itemprop=\"text\" ><p>Sie haben die K\u00fcndigung eines Vertrages erhalten oder wollen pers\u00f6nlich ein Vertragsverh\u00e4ltnis beenden?<\/p>\n<p>Zeitnah und engagiert helfe ich Ihnen sowohl bei der au\u00dfergerichtlichen Wahrnehmung Ihrer Rechte als auch bei der Durchsetzung Ihrer Anspr\u00fcche vor Gericht bei den Themenkomplexen:<\/p>\n<\/div><\/section><br \/>\n<section  class='av_textblock_section av-av_textblock-0366cc7376be6c9e82a3e9cc8987b64f '   itemscope=\"itemscope\" itemtype=\"https:\/\/schema.org\/CreativeWork\" ><div class='avia_textblock'  itemprop=\"text\" ><ul>\n<li><strong>Pr\u00fcfung, Erstellung und \u00dcberarbeitung von Vertr\u00e4gen,<\/strong>\u00a0z.B. von Arbeits-, Kauf- und Mietvertr\u00e4gen; Werk-, B\u00fcrgschafts- und\u00a0Darlehensvertr\u00e4gen<\/li>\n<li><strong>Durchsetzung Ihrer Anspr\u00fcche aus bestehenden und beendeten Vertr\u00e4gen\u00a0<\/strong>z.B. auf Gew\u00e4hrleistung, Abfindung, Schadensersatz<\/li>\n<li><strong>Beratung und Wahrnehmung Ihrer Interessen nach erfolgter K\u00fcndigung\u00a0<\/strong>z.B. arbeitsrechtliche K\u00fcndigungsschutzklage, mietrechtlicher R\u00e4umungsschutz<\/li>\n<li><strong>Geltendmachung Ihrer Anspr\u00fcche\u00a0<\/strong>z.B. auf M\u00e4ngelbeseitigung, Garantie, R\u00fccktritt, Widerruf und Vertragsstrafe<\/li>\n<\/ul>\n<\/div><\/section><\/p><\/div>\n\n<style type=\"text\/css\" data-created_by=\"avia_inline_auto\" id=\"style-css-av-av_image-c6b545b730f4f8739655c03b59a01666\">\n.avia-image-container.av-av_image-c6b545b730f4f8739655c03b59a01666 img.avia_image{\nbox-shadow:none;\n}\n.avia-image-container.av-av_image-c6b545b730f4f8739655c03b59a01666 .av-image-caption-overlay-center{\ncolor:#ffffff;\n}\n<\/style>\n<div  class='avia-image-container av-av_image-c6b545b730f4f8739655c03b59a01666 av-styling- avia-align-center  avia-builder-el-29  el_after_av_one_half  el_before_av_one_half '   itemprop=\"image\" itemscope=\"itemscope\" itemtype=\"https:\/\/schema.org\/ImageObject\" ><div class=\"avia-image-container-inner\"><div class=\"avia-image-overlay-wrap\"><img fetchpriority=\"high\" class='wp-image-93 avia-img-lazy-loading-not-93 avia_image ' src='https:\/\/nickel-rechtsanwaeltin.de\/wp-content\/uploads\/2025\/11\/slider_03_waage-1500x430.jpg' alt='Richterhammer, Waage der Gerechtigkeit und Gesetzb\u00fccher im Gerichtssaal' title='Hammer, Waage der Gerechtigkeit und Gesetzb\u00fccher'  height=\"430\" width=\"1500\"  itemprop=\"thumbnailUrl\"  \/><\/div><\/div><\/div>\n\n<style type=\"text\/css\" data-created_by=\"avia_inline_auto\" id=\"style-css-av-av_one_half-9497bbf8bff73ea4c6992cc17fa9ec36\">\n.flex_column.av-av_one_half-9497bbf8bff73ea4c6992cc17fa9ec36{\nborder-radius:0px 0px 0px 0px;\npadding:0px 0px 0px 0px;\n}\n<\/style>\n<div  class='flex_column av-av_one_half-9497bbf8bff73ea4c6992cc17fa9ec36 av_one_half  avia-builder-el-30  el_after_av_image  el_before_av_one_half  first flex_column_div av-zero-column-padding  '     ><p>\n<style type=\"text\/css\" data-created_by=\"avia_inline_auto\" id=\"style-css-av-av_heading-f1f86bae2010d2887a4f0b9f82dcfb91\">\n#top .av-special-heading.av-av_heading-f1f86bae2010d2887a4f0b9f82dcfb91{\npadding-bottom:10px;\n}\nbody .av-special-heading.av-av_heading-f1f86bae2010d2887a4f0b9f82dcfb91 .av-special-heading-tag .heading-char{\nfont-size:25px;\n}\n.av-special-heading.av-av_heading-f1f86bae2010d2887a4f0b9f82dcfb91 .av-subheading{\nfont-size:15px;\n}\n<\/style>\n<div  class='av-special-heading av-av_heading-f1f86bae2010d2887a4f0b9f82dcfb91 av-special-heading-h2  avia-builder-el-31  el_before_av_textblock  avia-builder-el-first '><h2 class='av-special-heading-tag '  itemprop=\"headline\"  ><span class='special_amp'>\u201e<\/span>Wir nehmen uns Zeit f\u00fcr Sie!<span class='special_amp'>\u201c<\/span><\/h2><div class=\"special-heading-border\"><div class=\"special-heading-inner-border\"><\/div><\/div><\/div><br \/>\n<section  class='av_textblock_section av-av_textblock-0366cc7376be6c9e82a3e9cc8987b64f '   itemscope=\"itemscope\" itemtype=\"https:\/\/schema.org\/CreativeWork\" ><div class='avia_textblock'  itemprop=\"text\" ><p>L\u00e4sst Ihr Zeitmanagement bei einer Ehescheidung Besuche in meiner Kanzlei nicht zu, besteht die M\u00f6glichkeit, die Korrespondenz zwischen Ihnen als Mandant und mir als verfahrensbevollm\u00e4chtigte Rechtsanw\u00e4ltin auch per <strong>ONLINE-Formular<\/strong> bzw. E-Mail zu f\u00fchren.<\/p>\n<p><strong>KONTAKT\u00a0\u00a0<\/strong><\/p>\n<p>Rechtsanw\u00e4ltin<br \/>\nMartina Nickel<br \/>\nWesterbergstr. 7<br \/>\n32289 R\u00f6dinghausen<\/p>\n<p>Telefon:\u00a0\u00a0 05746 \/ 920 501<br \/>\nTelefax:\u00a0\u00a0 05746 \/ 920 502<\/p>\n<p>E-Mail :\u00a0\u00a0 <a href=\"mailto:info@nickel-rechtsanwaeltin.de\">info@nickel-rechtsanwaeltin.de<\/a><\/p>\n<\/div><\/section><\/p><\/div>\n\n<style type=\"text\/css\" data-created_by=\"avia_inline_auto\" id=\"style-css-av-av_one_half-9c1d454dc06f7247226bc4e8f931daae\">\n.flex_column.av-av_one_half-9c1d454dc06f7247226bc4e8f931daae{\nborder-radius:0px 0px 0px 0px;\npadding:0px 0px 0px 0px;\n}\n<\/style>\n<div  class='flex_column av-av_one_half-9c1d454dc06f7247226bc4e8f931daae av_one_half  avia-builder-el-33  el_after_av_one_half  el_before_av_codeblock  flex_column_div av-zero-column-padding  '     ><form action=\"https:\/\/nickel-rechtsanwaeltin.de\/\" method=\"post\" data-fields-with-error=\"Fehler wurden in folgenden Feld(ern) gefunden:\" class=\"avia_ajax_form av-form-labels-visible   avia-builder-el-34  avia-builder-el-no-sibling   \" data-avia-form-id=\"1\" data-avia-redirect='' ><h3 class=''>Senden Sie uns eine E-Mail<\/h3><fieldset><p class='  first_form  form_element form_fullwidth' id='element_avia_1_1'><label for=\"avia_1_1\">Name <abbr class=\"required\" title=\"ben\u00f6tigt\">*<\/abbr><\/label> <input name=\"avia_1_1\" class=\"text_input is_empty\" type=\"text\" id=\"avia_1_1\" value=\"\" \/><\/p><p class='  first_form  form_element form_fullwidth' id='element_avia_2_1'><label for=\"avia_2_1\">E-Mail <abbr class=\"required\" title=\"ben\u00f6tigt\">*<\/abbr><\/label> <input name=\"avia_2_1\" class=\"text_input is_email\" type=\"text\" id=\"avia_2_1\" value=\"\" \/><\/p><p class='  first_form  form_element form_fullwidth' id='element_avia_3_1'><label for=\"avia_3_1\">Betreff <abbr class=\"required\" title=\"ben\u00f6tigt\">*<\/abbr><\/label> <input name=\"avia_3_1\" class=\"text_input is_empty\" type=\"text\" id=\"avia_3_1\" value=\"\" \/><\/p><p class='  first_form  form_element form_fullwidth av-last-visible-form-element' id='element_avia_4_1'><label for=\"avia_4_1\" class=\"textare_label hidden textare_label_avia_4_1\">Nachricht <abbr class=\"required\" title=\"ben\u00f6tigt\">*<\/abbr><\/label><textarea  name=\"avia_4_1\" class=\"text_area is_empty\" cols=\"40\" rows=\"7\" id=\"avia_4_1\" ><\/textarea><\/p><p class=\"hidden\"><input type=\"text\" name=\"avia_5_1\" class=\"hidden \" id=\"avia_5_1\" value=\"\" \/><\/p><p class=\"form_element \"><input type=\"hidden\" value=\"1\" name=\"avia_generated_form1\" \/><input type=\"submit\" value=\"Senden\" class=\"button\"  data-sending-label=\"Sende\"\/><\/p><\/fieldset><\/form><div id=\"ajaxresponse_1\" class=\"ajaxresponse ajaxresponse_1 hidden\"><\/div><\/div>\n\n\n<style type=\"text\/css\" data-created_by=\"avia_inline_auto\" id=\"style-css-av-av_one_full-40e04e59702ace7aa4422b20c9839dbe\">\n.flex_column.av-av_one_full-40e04e59702ace7aa4422b20c9839dbe{\nborder-radius:0px 0px 0px 0px;\npadding:0px 0px 0px 0px;\n}\n<\/style>\n<div  class='flex_column av-av_one_full-40e04e59702ace7aa4422b20c9839dbe av_one_full  avia-builder-el-36  el_after_av_codeblock  avia-builder-el-last  first flex_column_div av-zero-column-padding  '     ><section  class='av_textblock_section av-av_textblock-0366cc7376be6c9e82a3e9cc8987b64f '   itemscope=\"itemscope\" itemtype=\"https:\/\/schema.org\/CreativeWork\" ><div class='avia_textblock'  itemprop=\"text\" ><hr \/>\n<p><strong>Impressum\u00a0\u00a0<\/strong><\/p>\n<p>Rechtsanw\u00e4ltin<br \/>\nMartina Nickel<br \/>\nWesterbergstr. 7<br \/>\n32289 R\u00f6dinghausen<\/p>\n<p>Telefon:\u00a0\u00a0 05746 \/ 920 501<br \/>\nTelefax:\u00a0\u00a0 05746 \/ 920 502<\/p>\n<p>E-Mail :\u00a0\u00a0 <a href=\"mailto:info@nickel-rechtsanwaeltin.de\">info@nickel-rechtsanwaeltin.de<\/a><\/p>\n<p>Angaben gem\u00e4\u00df\u00a0\u00a7 5 Telemediengesetz und DL-InfoV<\/p>\n<h4>I. Rechtsanw\u00e4ltin<\/h4>\n<p><strong>1. Berufsbezeichnung und zust\u00e4ndige Kammer<\/strong><\/p>\n<p>Rechtsanw\u00e4ltin Martina Nickel\u00a0ist nach dem Recht der Bundesrepublik Deutschland als Rechtsanwaltin zugelassen und Mitglied der Rechtsanwaltskammer Hamm, Ostenallee 18,<\/p>\n<p>59063 Hamm, Telefon: 02381\/9850-00, Telefax: 02381\/9850-50, E-Mail: info@rak-hamm.de,<\/p>\n<p>Internet: www.rak-hamm.de<\/p>\n<p><strong>2. Steuernummer<\/strong>\u00a0(\u00a7 27 a UstG): DE 310\/5096\/0504<\/p>\n<p><strong>3. Berufshaftpflichtversicherung<\/strong><\/p>\n<p>Die Berufshaftpflichtversicherung wird bei der Allianz Versicherungs-Aktiengesellschaft,<\/p>\n<p>Gro\u00dfer Burstah 3, 20457 Hamburg unterhalten.<\/p>\n<p>R\u00e4umlicher Geltungsbereich: Im gesamten EU-Gebiet und den Staaten des Abkommens \u00fcber den Europ\u00e4ischen Wirtschaftsraum<\/p>\n<p><strong>4. Berufsrechtliche Regelungen<\/strong><\/p>\n<p>Es gelten die folgenden berufsrechtlichen Regelungen:<\/p>\n<p>Bundesrechtsanwaltsordnung (BRAO),<\/p>\n<p>Berufsordnung (BORA)<\/p>\n<p>Fachanwaltsordnung (FAO)<\/p>\n<p>Rechtsanwaltsverg\u00fctungsgesetz (RVG)<\/p>\n<p>Berufsregeln der Rechtsanw\u00e4lte der Europ\u00e4ischen Union (CCBE)<\/p>\n<p>Die berufsrechtlichen Regelungen k\u00f6nnen \u00fcber die Homepage der Bundesrechtsanwaltskammer (ww.brak.de) in der Rubrik \u201eBerufsrecht\u201c auf Deutsch und Englisch eingesehen und abgerufen werden<\/p>\n<p><strong>5. Au\u00dfergerichtliche Streitschlichtung<\/strong><\/p>\n<p>Bei Streitigkeiten zwischen Rechtsanw\u00e4lten und ihren Auftraggebern besteht auf Antrag die\u00a0M\u00f6glichkeit der au\u00dfergerichtlichen Streitschlichtung bei der regionalen Rechtsanwaltskammer Hamm (gem\u00e4\u00df \u00a7 73 Abs. 2 Nr. 3 i.V. m. \u00a7 73 Abs. 5 BRAO) oder bei der Schlichtungsstelle der Rechtsanwaltschaft (\u00a7 191f BRAO) bei der Bundesrechtsanwaltskammer, im Internet zu finden \u00fcber die Homepage der Bundesrechtsanwaltskammer (www.brak.de),<\/p>\n<p>E-Mail: schlichtungsstelle@brak.de<\/p>\n<p><strong>6. Vermeidung von Interessenkollisionen<\/strong><\/p>\n<p>Die Wahrnehmung widerstreitender Interessen ist Rechtsanw\u00e4lten aufgrund berufsrechtlicher Regelungen untersagt (\u00a7 43 a Abs. 4 BRAO). Vor Annahme eines Mandates wird deshalb immer gepr\u00fcft, ob ein Interessenkonflikt vorliegt.<\/p>\n<header class=\"entry-header\">\n<p class=\"yoast-seo-breadcrumb\"><strong><span class=\"breadcrumb_last\">Copyright und Haftungsausschluss<\/span><\/strong><\/p>\n<\/header>\n<div class=\"entry-content\">\n<p><strong>A.\u00a0\u00a0\u00a0\u00a0 Inhalt des Onlineangebotes<\/strong><\/p>\n<p>Der Autor \u00fcbernimmt keinerlei Gew\u00e4hr f\u00fcr die Aktualit\u00e4t, Korrektheit, Vollst\u00e4ndigkeit oder Qualit\u00e4t der bereit gestellten Informationen. Haftungsanspr\u00fcche gegen den Autor, welche sich auf Sch\u00e4den materieller oder ideeller Art beziehen, die durch die Nutzung oder Nichtnutzung der dargebotenen Informationen bzw. durch die Nutzung fehlerhafter und unvollst\u00e4ndiger Informationen verursacht wurden, sind grunds\u00e4tzlich ausgeschlossen, sofern seitens des Autors kein nachweislich vors\u00e4tzliches oder grob fahrl\u00e4ssiges Verschulden vorliegt.Der Autor beh\u00e4lt es sich ausdr\u00fccklich vor, Teile der Seiten oder das gesamte Angebot ohne gesonderte Ank\u00fcndigung zu ver\u00e4ndern, zu erg\u00e4nzen, zu l\u00f6schen oder die Ver\u00f6ffentlichung zeitweise oder endg\u00fcltig einzustellen.<\/p>\n<p><strong>B.\u00a0\u00a0\u00a0\u00a0 Verweise und Links<\/strong><\/p>\n<p>Bei direkten oder indirekten Verweisen auf fremde Internetseiten (\u201eLinks\u201c), die au\u00dferhalb des Verantwortungsbereiches des Autors liegen, w\u00fcrde eine Haftungsverpflichtung ausschlie\u00dflich in dem Fall in Kraft treten, in dem der Autor von den Inhalten Kenntnis hat und es ihm technisch m\u00f6glich und zumutbar w\u00e4re, die Nutzung im Falle rechtswidriger Inhalte zu verhindern. Der Autor erkl\u00e4rt hiermit ausdr\u00fccklich, dass zum Zeitpunkt der Linksetzung die entsprechenden verlinkten Seiten frei von illegalen Inhalten waren. Auf die aktuelle und zuk\u00fcnftige Gestaltung, die Inhalte oder die Urheberschaft der gelinkten\/verkn\u00fcpften Seiten hat der Autor keinerlei Einfluss. Deshalb distanziert er sich hiermit ausdr\u00fccklich von allen Inhalten aller gelinkten \/verkn\u00fcpften Seiten, die nach der Linksetzung ver\u00e4ndert wurden. Diese Feststellung gilt f\u00fcr alle innerhalb des eigenen Internetangebotes gesetzten Links und Verweise. F\u00fcr illegale, fehlerhafte oder unvollst\u00e4ndige Inhalte und insbesondere f\u00fcr Sch\u00e4den, die aus der Nutzung oder Nichtnutzung solcherart dargebotener Informationen entstehen, haftet allein der Anbieter der Seite, auf welche verwiesen wurde, nicht derjenige, der \u00fcber Links auf die jeweilige Ver\u00f6ffentlichung lediglich verweist.<\/p>\n<p><strong>C.\u00a0\u00a0\u00a0\u00a0\u00a0 Urheber- und Kennzeichenrecht<\/strong><\/p>\n<p>Der Autor ist bestrebt, in allen Publikationen die Urheberrechte der verwendeten Grafiken, Tondokumente, Videosequenzen und Texte zu beachten, von ihm selbst erstellte Grafiken, Tondokumente, Videosequenzen und Texte zu nutzen oder auf lizenzfreie Grafiken, Tondokumente, Videosequenzen und Texte zur\u00fcckzugreifen.<\/p>\n<p>Alle innerhalb des Internetangebotes genannten und ggf. durch Dritte gesch\u00fctzten Marken- und Warenzeichen unterliegen uneingeschr\u00e4nkt den Bestimmungen des jeweils g\u00fcltigen Kennzeichenrechts und den Besitzrechten der jeweiligen eingetragenen Eigent\u00fcmer. Allein aufgrund der blo\u00dfen Nennung ist nicht der Schluss zu ziehen, dass Markenzeichen nicht durch Rechte Dritter gesch\u00fctzt sind.<\/p>\n<p>Das Copyright f\u00fcr ver\u00f6ffentlichte, vom Autor selbst erstellte Objekte bleibt allein beim Autor der Seiten. Eine Vervielf\u00e4ltigung oder Verwendung solcher Grafiken, Tondokumente, Videosequenzen und Texte in anderen elektronischen oder gedruckten Publikationen ist ohne ausdr\u00fcckliche Zustimmung des Autors nicht gestattet.<\/p>\n<p><strong>D.\u00a0\u00a0\u00a0\u00a0\u00a0 Datenschutzerkl\u00e4rung<\/strong><\/p>\n<p>Die Rechtsanwaltskanzlei Nickel, Westerbergstr. 7 32289 R\u00f6dinghausen , bedankt sich f\u00fcr Ihren Besuch auf unserer Homepage. Als Rechtsanw\u00e4ltin ist mir\u00a0 der sichere Umgang mit Ihren Daten besonders wichtig. Wir m\u00f6chten Sie daher hiermit ausf\u00fchrlich \u00fcber die Verwendung Ihrer Daten bei dem Besuch unseres Webauftritts informieren.<\/p>\n<p>Diese Datenschutzinformation gilt f\u00fcr die Datenverarbeitung durch:<br \/>\nVerantwortlicher:<\/p>\n<p>Rechtsanw\u00e4ltin Martina Nickel ist nach dem Recht der Bundesrepublik Deutschland als Rechtsanwaltin zugelassen und Mitglied der Rechtsanwaltskammer Hamm, Ostenallee 18,<br \/>\n59063 Hamm, Telefon: 02381\/9850-00, Telefax: 02381\/9850-50, E-Mail: info@rak-hamm.de,<\/p>\n<p>Telefon:\u00a0\u00a0 05746 \/ 920 501<br \/>\nTelefax:\u00a0\u00a0 05746 \/ 920 502<\/p>\n<p>E-Mail :\u00a0\u00a0 info@nickel-rechtsanwaeltin.de<\/p>\n<p>Der betriebliche Datenschutzbeauftragte der Rechtsanw\u00e4ltin Nickel ist unter der oben genannten Anschrift bzw. unter info@nickel-rechtsanwaeltin.de erreichbar.<\/p>\n<p>1. Begriffsbestimmungen<\/p>\n<p>Die Datenschutzerkl\u00e4rung der Rechtsanw\u00e4ltin Martina Nickel beruht auf den Begrifflichkeiten, die durch den Europ\u00e4ischen Richtlinien- und Verordnungsgeber beim Erlass der Datenschutz-Grundverordnung (DSGVO) verwendet wurden. Unsere Datenschutzerkl\u00e4rung soll sowohl f\u00fcr die \u00d6ffentlichkeit als auch f\u00fcr unsere Kunden und Gesch\u00e4ftspartner einfach lesbar und verst\u00e4ndlich sein. Um dies zu gew\u00e4hrleisten, m\u00f6chten wir vorab die verwendeten Begrifflichkeiten erl\u00e4utern.<\/p>\n<p>Wir verwenden in dieser Datenschutzerkl\u00e4rung unter anderem die folgenden Begriffe:<\/p>\n<p>Personenbezogene Daten: Personenbezogene Daten sind alle Informationen, die sich auf eine identifizierte oder identifizierbare nat\u00fcrliche Person (im Folgenden &#8222;betroffene Person&#8220;) beziehen. Als identifizierbar wird eine nat\u00fcrliche Person angesehen, die direkt oder indirekt, insbesondere mittels Zuordnung zu einer Kennung wie einem Namen, zu einer Kennnummer, zu Standortdaten, zu einer Online-Kennung oder zu einem oder mehreren besonderen Merkmalen, die Ausdruck der physischen, physiologischen, genetischen, psychischen, wirtschaftlichen, kulturellen oder sozialen Identit\u00e4t dieser nat\u00fcrlichen Person sind, identifiziert werden kann.<\/p>\n<p>Betroffene Person: Betroffene Person ist jede identifizierte oder identifizierbare nat\u00fcrliche Person, deren personenbezogene Daten von dem f\u00fcr die Verarbeitung Verantwortlichen verarbeitet werden.<\/p>\n<p>Verarbeitung: Verarbeitung ist jeder mit oder ohne Hilfe automatisierter Verfahren ausgef\u00fchrte Vorgang oder jede solche Vorgangsreihe im Zusammenhang mit personenbezogenen Daten wie das Erheben, das Erfassen, die Organisation, das Ordnen, die Speicherung, die Anpassung oder Ver\u00e4nderung, das Auslesen, das Abfragen, die Verwendung, die Offenlegung durch \u00dcbermittlung, Verbreitung oder eine andere Form der Bereitstellung, den Abgleich oder die Verkn\u00fcpfung, die Einschr\u00e4nkung, das L\u00f6schen oder die Vernichtung.<\/p>\n<p>Einschr\u00e4nkung der Verarbeitung: Einschr\u00e4nkung der Verarbeitung ist die Markierung gespeicherter personenbezogener Daten mit dem Ziel, ihre k\u00fcnftige Verarbeitung einzuschr\u00e4nken.<\/p>\n<p>Profiling: Profiling ist jede Art der automatisierten Verarbeitung personenbezogener Daten, die darin besteht, dass diese personenbezogenen Daten verwendet werden, um bestimmte pers\u00f6nliche Aspekte, die sich auf eine nat\u00fcrliche Person beziehen, zu bewerten, insbesondere, um Aspekte bez\u00fcglich Arbeitsleistung, wirtschaftlicher Lage, Gesundheit, pers\u00f6nlicher Vorlieben, Interessen, Zuverl\u00e4ssigkeit, Verhalten, Aufenthaltsort oder Ortswechsel dieser nat\u00fcrlichen Person zu analysieren oder vorherzusagen.<\/p>\n<p>Pseudonymisierung: Pseudonymisierung ist die Verarbeitung personenbezogener Daten in einer Weise, auf welche die personenbezogenen Daten ohne Hinzuziehung zus\u00e4tzlicher Informationen nicht mehr einer spezifischen betroffenen Person zugeordnet werden k\u00f6nnen, sofern diese zus\u00e4tzlichen Informationen gesondert aufbewahrt werden und technischen und organisatorischen Ma\u00dfnahmen unterliegen, die gew\u00e4hrleisten, dass die personenbezogenen Daten nicht einer identifizierten oder identifizierbaren nat\u00fcrlichen Person zugewiesen werden.<\/p>\n<p>Verantwortlicher oder f\u00fcr die Verarbeitung Verantwortlicher: Verantwortlicher oder f\u00fcr die Verarbeitung Verantwortlicher ist die nat\u00fcrliche oder juristische Person, Beh\u00f6rde, Einrichtung oder andere Stelle, die allein oder gemeinsam mit anderen \u00fcber die Zwecke und Mittel der Verarbeitung von personenbezogenen Daten entscheidet. Sind die Zwecke und Mittel dieser Verarbeitung durch das Unionsrecht oder das Recht der Mitgliedstaaten vorgegeben, so kann der Verantwortliche bzw. k\u00f6nnen die bestimmten Kriterien seiner Benennung nach dem Unionsrecht oder dem Recht der Mitgliedstaaten vorgesehen werden.<\/p>\n<p>Auftragsverarbeiter: Auftragsverarbeiter ist eine nat\u00fcrliche oder juristische Person, Beh\u00f6rde, Einrichtung oder andere Stelle, die personenbezogene Daten im Auftrag des Verantwortlichen verarbeitet.<\/p>\n<p>Empf\u00e4nger: Empf\u00e4nger ist eine nat\u00fcrliche oder juristische Person, Beh\u00f6rde, Einrichtung oder andere Stelle, der personenbezogene Daten offengelegt werden, unabh\u00e4ngig davon, ob es sich bei ihr um einen Dritten handelt oder nicht. Beh\u00f6rden, die im Rahmen eines bestimmten Untersuchungsauftrags nach dem Unionsrecht oder dem Recht der Mitgliedstaaten m\u00f6glicherweise personenbezogene Daten erhalten, gelten jedoch nicht als Empf\u00e4nger.<\/p>\n<p>Dritter: Dritter ist eine nat\u00fcrliche oder juristische Person, Beh\u00f6rde, Einrichtung oder andere Stelle au\u00dfer der betroffenen Person, dem Verantwortlichen, dem Auftragsverarbeiter und den Personen, die unter der unmittelbaren Verantwortung des Verantwortlichen oder des Auftragsverarbeiters befugt sind, die personenbezogenen Daten zu verarbeiten.<\/p>\n<p>Einwilligung: Einwilligung ist jede von der betroffenen Person freiwillig f\u00fcr den bestimmten Fall in informierter Weise und unmissverst\u00e4ndlich abgegebene Willensbekundung in Form einer Erkl\u00e4rung oder einer sonstigen eindeutigen best\u00e4tigenden Handlung, mit der die betroffene Person zu verstehen gibt, dass sie mit der Verarbeitung der sie betreffenden personenbezogenen Daten einverstanden ist.<\/p>\n<p>2. Erfassung von Daten<\/p>\n<p>Die Internetseite der Kanzlei Nickel erfasst mit jedem Aufruf der Internetseite durch eine betroffene Person oder ein automatisiertes System eine Reihe von allgemeinen Daten und Informationen. Diese allgemeinen Daten und Informationen werden in den Logfiles des Servers gespeichert. Erfasst werden k\u00f6nnen die<\/p>\n<p>a) verwendeten Browsertypen und Versionen,<\/p>\n<p>b) das vom zugreifenden System verwendete Betriebssystem,<\/p>\n<p>c) die Internetseite, von welcher ein zugreifendes System auf unsere Internetseite gelangt (sog. Referrer),<\/p>\n<p>d) die Unterwebseiten, welche \u00fcber ein zugreifendes System auf unserer Internetseite angesteuert werden,<\/p>\n<p>e) das Datum und die Uhrzeit eines Zugriffs auf die Internetseite,<\/p>\n<p>f) eine Internetprotokolladresse (IP-Adresse),<\/p>\n<p>g) der Internet-Service-Provider des zugreifenden Systems und<\/p>\n<p>h) sonstige \u00e4hnliche Daten und Informationen, die der Gefahrenabwehr im Fall von Angriffen auf unsere informationstechnologischen Systeme dienen.<\/p>\n<p>Bei der Nutzung dieser allgemeinen Daten und Informationen zieht die Rechtsanw\u00e4ltin Nickel keine R\u00fcckschl\u00fcsse auf die betroffene Person. Diese Informationen werden vielmehr ben\u00f6tigt, um<\/p>\n<p>a) die Inhalte unserer Internetseite korrekt auszuliefern,<\/p>\n<p>b) die Inhalte unserer Internetseite sowie die Werbung f\u00fcr diese zu optimieren,<\/p>\n<p>c) die dauerhafte Funktionsf\u00e4higkeit unserer informationstechnologischen Systeme und der Technik unserer Internetseite zu gew\u00e4hrleisten sowie<br \/>\nd) um Strafverfolgungsbeh\u00f6rden im Fall eines Cyberangriffs die zur Strafverfolgung notwendigen Informationen bereitzustellen.<\/p>\n<p>Diese anonym erhobenen Daten und Informationen werden durch die Rechtsanw\u00e4ltin Nickel daher einerseits statistisch und ferner mit dem Ziel ausgewertet, den Datenschutz und die Datensicherheit in unserem Unternehmen zu erh\u00f6hen, um letztlich ein optimales Schutzniveau f\u00fcr die von uns verarbeiteten personenbezogenen Daten sicherzustellen. Die anonymen Daten der Server-Logfiles werden getrennt von allen durch eine betroffene Person angegebenen personenbezogenen Daten gespeichert.<\/p>\n<p>3. Gesetzliche oder vertragliche Vorschriften zur Bereitstellung der personenbezogenen Daten; Erforderlichkeit f\u00fcr den Vertragsabschluss; Verpflichtung der betroffenen Person, die personenbezogenen Daten bereitzustellen; m\u00f6gliche Folgen der Nichtbereitstellung<\/p>\n<p>Wir kl\u00e4ren Sie dar\u00fcber auf, dass die Bereitstellung personenbezogener Daten zum Teil gesetzlich vorgeschrieben ist (z.B. Steuervorschriften) oder sich auch aus vertraglichen Regelungen (z.B. Angaben zum Vertragspartner) ergeben kann. Mitunter kann es zu einem Vertragsschluss erforderlich sein, dass eine betroffene Person uns personenbezogene Daten zur Verf\u00fcgung stellt, die in der Folge durch uns verarbeitet werden m\u00fcssen. Die betroffene Person ist beispielsweise verpflichtet, uns personenbezogene Daten bereitzustellen, wenn unser Unternehmen mit ihr einen Vertrag abschlie\u00dft. Eine Nichtbereitstellung der personenbezogenen Daten h\u00e4tte zur Folge, dass der Vertrag mit dem Betroffenen nicht geschlossen werden k\u00f6nnte. Vor einer Bereitstellung personenbezogener Daten durch den Betroffenen muss sich der Betroffene an unseren Datenschutzbeauftragten wenden. Unser Datenschutzbeauftragter kl\u00e4rt den Betroffenen einzelfallbezogen dar\u00fcber auf, ob die Bereitstellung der personenbezogenen Daten gesetzlich oder vertraglich vorgeschrieben oder f\u00fcr den Vertragsabschluss erforderlich ist, ob eine Verpflichtung besteht, die personenbezogenen Daten bereitzustellen, und welche Folgen die Nichtbereitstellung der personenbezogenen Daten h\u00e4tte.<\/p>\n<p>4. Kontaktm\u00f6glichkeit \u00fcber die Internetseite<\/p>\n<p>Die Internetseite der Kanzlei Nickel enth\u00e4lt aufgrund von gesetzlichen Vorschriften Angaben, die eine schnelle elektronische Kontaktaufnahme zu unserem Unternehmen sowie eine unmittelbare Kommunikation mit uns erm\u00f6glichen, was ebenfalls eine allgemeine Adresse der sogenannten elektronischen Post (E-Mail-Adresse) umfasst. Sofern eine betroffene Person per E-Mail oder \u00fcber ein Kontaktformular den Kontakt mit dem f\u00fcr die Verarbeitung Verantwortlichen aufnimmt, werden die von der betroffenen Person \u00fcbermittelten personenbezogenen Daten automatisch gespeichert. Solche auf freiwilliger Basis von einer betroffenen Person an den f\u00fcr die Verarbeitung Verantwortlichen \u00fcbermittelten personenbezogenen Daten werden f\u00fcr Zwecke der Bearbeitung oder der Kontaktaufnahme zur betroffenen Person gespeichert. Es erfolgt keine Weitergabe dieser personenbezogenen Daten an Dritte.<\/p>\n<p>5. Verwendung von Cookies<\/p>\n<p>Um den Besuch unserer Webseite attraktiv zu gestalten und die Nutzung bestimmter Funktionen zu erm\u00f6glichen, verwenden wir auf verschiedenen Seiten sogenannte Cookies. Hierbei handelt es sich um kleine Textdateien, die auf Ihrem Endger\u00e4t gespeichert werden. Einige der von uns verwendeten Cookies werden nach Ende der Browser-Sitzung, also nach Schlie\u00dfen Ihres Browsers, wieder gel\u00f6scht (sog. Sitzungs-Cookies). Andere Cookies verbleiben auf Ihrem Endger\u00e4t und erm\u00f6glichen uns, Ihren Browser beim n\u00e4chsten Besuch wiederzuerkennen (persistente Cookies). Sie k\u00f6nnen Ihren Browser so einstellen, dass Sie \u00fcber das Setzen von Cookies informiert werden und einzeln \u00fcber deren Annahme entscheiden oder die Annahme von Cookies f\u00fcr bestimmte F\u00e4lle oder generell ausschlie\u00dfen. Bei der Nichtannahme von Cookies kann die Funktionalit\u00e4t unserer Webseite eingeschr\u00e4nkt sein.<\/p>\n<p>6. Einsatz von Google (Universal) Analytics zur Webanalyse<\/p>\n<p>Diese Webseite benutzt Google (Universal) Analytics, einen Webanalysedienst der Google Inc. (www.google.de). Google (Universal) Analytics verwendet Methoden, die eine Analyse der Benutzung der Webseite durch Sie erm\u00f6glichen, wie zum Beispiel sogenannte &#8222;Cookies&#8220;, Textdateien, die auf Ihrem Computer gespeichert werden. Die erzeugten Informationen \u00fcber Ihre Benutzung dieser Webseite werden i.d.R. an einen Server von Google in den USA \u00fcbertragen und dort gespeichert. Durch die Aktivierung der IP-Anonymisierung auf dieser Webseite wird dabei die IP-Adresse vor der \u00dcbermittlung innerhalb der Mitgliedstaaten der Europ\u00e4ischen Union oder in anderen Vertragsstaaten des Abkommens \u00fcber den Europ\u00e4ischen Wirtschaftsraum gek\u00fcrzt. Nur in Ausnahmef\u00e4llen wird die volle IP-Adresse an einen Server von Google in den USA \u00fcbertragen und dort gek\u00fcrzt. Die im Rahmen von Google Analytics von Ihrem Browser \u00fcbermittelte anonymisierte IP-Adresse wird nicht mit anderen Daten von Google zusammengef\u00fchrt.<\/p>\n<p>Sie k\u00f6nnen die Erfassung der durch das Cookie erzeugten und auf Ihre Nutzung der Webseite bezogenen Daten (inkl. Ihrer IP-Adresse) an Google sowie die Verarbeitung dieser Daten durch Google verhindern, indem Sie das unter dem folgenden Link verf\u00fcgbare Browser-Plug-in herunterladen und installieren: http:\/\/wbs.is\/rom89.<\/p>\n<p>Alternativ zum Browser-Plug-in k\u00f6nnen Sie diesen Link klicken, um die Erfassung durch Google Analytics auf dieser Webseite zuk\u00fcnftig zu verhindern. Dabei wird ein Opt-Out-Cookie auf Ihrem Endger\u00e4t abgelegt. L\u00f6schen Sie Ihre Cookies, m\u00fcssen Sie den Link erneut klicken.<\/p>\n<p>7. Eingebettete Videos und Bilder von externen Internetseiten<\/p>\n<p>Einige unserer Seiten enthalten eingebettete Inhalte von YouTube oder Instagram. Beim alleinigen Aufrufen einer Seite aus unserem Internetangebot mit eingebundenen Videos oder Bildern aus unserem YouTube- und\/oder Instagram-Kanal werden keine personenbezogenen Daten, mit Ausnahme der IP-Adresse, \u00fcbermittelt. Die IP-Adresse wird im Fall von YouTube an die Google Inc., 600 Amphitheatre Parkway, Mountain View, CA 94043, USA (&#8222;Google&#8220;) und im Fall von Instagram an die Instagram Inc., 181 SouthPark Street Suite 2 San Francisco, California 94107, USA (&#8222;Instagram&#8220;) \u00fcbermittelt.<\/p>\n<p>8. Bekanntmachung von Ver\u00e4nderungen<\/p>\n<p>Gesetzes\u00e4nderungen oder \u00c4nderungen unserer internen Prozesse k\u00f6nnen eine Anpassung dieser Datenschutzerkl\u00e4rung erforderlich machen.<\/p>\n<p>F\u00fcr den Fall einer solchen \u00c4nderung werden wir Ihnen dies sp\u00e4testens sechs Wochen vor Inkrafttreten mitteilen. Ihnen steht generell (Nr. 6) ein Widerrufsrecht hinsichtlich Ihrer erteilten Einwilligungen zu.<\/p>\n<p>Bitte beachten Sie, dass (sofern Sie keinen Gebrauch von Ihrem Widerrufsrecht machen) die jeweils aktuelle Version der Datenschutzerkl\u00e4rung die g\u00fcltige ist.<\/p>\n<p>9. Aktualisierung\/L\u00f6schung Ihrer pers\u00f6nlichen Daten<\/p>\n<p>Sie haben jederzeit die M\u00f6glichkeit, die uns zur Verf\u00fcgung gestellten pers\u00f6nlichen Daten zu \u00fcberpr\u00fcfen, zu \u00e4ndern oder zu l\u00f6schen, indem Sie uns eine E-Mail an die E-Mail-Adresse info@nickel-rechtsanwaeltin.de schicken. Wenn Sie Mitglied bei uns sind, k\u00f6nnen Sie dort auch den Empfang weiterer Informationen f\u00fcr die Zukunft ausschlie\u00dfen.<\/p>\n<p>Ebenso haben Sie das Recht, einmal erteilte Einwilligungen mit Wirkung f\u00fcr die Zukunft jederzeit zu widerrufen.<\/p>\n<p>Die L\u00f6schung der gespeicherten personenbezogenen Daten erfolgt, wenn Sie Ihre Einwilligung zur Speicherung widerrufen.<\/p>\n<p>Der f\u00fcr die Verarbeitung Verantwortliche verarbeitet und speichert personenbezogene Daten der betroffenen Person nur f\u00fcr den Zeitraum, der zur Erreichung des Speicherungszwecks erforderlich ist oder sofern dies durch den Europ\u00e4ischen Richtlinien- und Verordnungsgeber oder einen anderen Gesetzgeber in Gesetzen oder Vorschriften, welchen der f\u00fcr die Verarbeitung Verantwortliche unterliegt, vorgesehen wurde.<\/p>\n<p>Entf\u00e4llt der Speicherungszweck oder l\u00e4uft eine vom Europ\u00e4ischen Richtlinien- und Verordnungsgeber oder einem anderen zust\u00e4ndigen Gesetzgeber vorgeschriebene Speicherfrist ab, werden die personenbezogenen Daten routinem\u00e4\u00dfig und entsprechend den gesetzlichen Vorschriften gesperrt oder gel\u00f6scht.<\/p>\n<p>10. Rechte der betroffenen Personen<\/p>\n<p>Jede betroffene Person hat das vom Europ\u00e4ischen Richtlinien- und Verordnungsgeber einger\u00e4umte Recht, von dem f\u00fcr die Verarbeitung Verantwortlichen eine Best\u00e4tigung dar\u00fcber zu verlangen, ob sie betreffende personenbezogene Daten verarbeitet werden. M\u00f6chte eine betroffene Person dieses Best\u00e4tigungsrecht in Anspruch nehmen, kann sie sich hierzu jederzeit an unseren Datenschutzbeauftragten oder einen anderen Mitarbeiter des f\u00fcr die Verarbeitung Verantwortlichen wenden.<\/p>\n<p>Jede von der Verarbeitung personenbezogener Daten betroffene Person hat das vom Europ\u00e4ischen Richtlinien- und Verordnungsgeber gew\u00e4hrte Recht, jederzeit von dem f\u00fcr die Verarbeitung Verantwortlichen unentgeltliche Auskunft \u00fcber die zu seiner Person gespeicherten personenbezogenen Daten und eine Kopie dieser Auskunft zu erhalten. Ferner hat der Europ\u00e4ische Richtlinien- und Verordnungsgeber der betroffenen Person Auskunft \u00fcber folgende Informationen zugestanden:<\/p>\n<p>&#8211; die Verarbeitungszwecke<\/p>\n<p>&#8211; die Kategorien personenbezogener Daten, die verarbeitet werden<\/p>\n<p>&#8211; die Empf\u00e4nger oder Kategorien von Empf\u00e4ngern, gegen\u00fcber denen die personenbezogenen Daten offengelegt worden sind oder noch offengelegt werden, insbesondere bei Empf\u00e4ngern in Drittl\u00e4ndern oder bei internationalen Organisationen<\/p>\n<p>&#8211; falls m\u00f6glich die geplante Dauer, f\u00fcr die die personenbezogenen Daten gespeichert werden, oder, falls dies nicht m\u00f6glich ist, die Kriterien f\u00fcr die Festlegung dieser Dauer<\/p>\n<p>&#8211; das Bestehen eines Rechts auf Berichtigung oder L\u00f6schung der sie betreffenden personenbezogenen Daten oder auf Einschr\u00e4nkung der Verarbeitung durch den Verantwortlichen oder eines Widerspruchsrechts gegen diese Verarbeitung<\/p>\n<p>&#8211; das Bestehen eines Beschwerderechts bei einer Aufsichtsbeh\u00f6rde<\/p>\n<p>&#8211; wenn die personenbezogenen Daten nicht bei der betroffenen Person erhoben werden: Alle verf\u00fcgbaren Informationen \u00fcber die Herkunft der Daten<\/p>\n<p>&#8211; das Bestehen einer automatisierten Entscheidungsfindung einschlie\u00dflich Profiling gem. Art. 22 Abs. 1 und 4 DSGVO und &#8211; zumindest in diesen F\u00e4llen &#8211; aussagekr\u00e4ftige Informationen \u00fcber die involvierte Logik sowie die Tragweite und die angestrebten Auswirkungen einer derartigen Verarbeitung f\u00fcr die betroffene Person<\/p>\n<p>Ferner steht der betroffenen Person ein Auskunftsrecht dar\u00fcber zu, ob personenbezogene Daten an ein Drittland oder an eine internationale Organisation \u00fcbermittelt wurden. Sofern dies der Fall ist, so steht der betroffenen Person im \u00dcbrigen das Recht zu, Auskunft \u00fcber die geeigneten Garantien im Zusammenhang mit der \u00dcbermittlung zu erhalten.<\/p>\n<p>M\u00f6chte eine betroffene Person dieses Auskunftsrecht in Anspruch nehmen, kann sie sich hierzu jederzeit an unseren Datenschutzbeauftragten oder einen anderen Mitarbeiter des f\u00fcr die Verarbeitung Verantwortlichen wenden.<\/p>\n<p>Jede von der Verarbeitung personenbezogener Daten betroffene Person hat das vom Europ\u00e4ischen Richtlinien- und Verordnungsgeber gew\u00e4hrte Recht, die unverz\u00fcgliche Berichtigung sie betreffender unrichtiger personenbezogener Daten zu verlangen. Ferner steht der betroffenen Person das Recht zu, unter Ber\u00fccksichtigung der Zwecke der Verarbeitung, die Vervollst\u00e4ndigung unvollst\u00e4ndiger personenbezogener Daten &#8211; auch mittels einer erg\u00e4nzenden Erkl\u00e4rung &#8211; zu verlangen.<\/p>\n<p>M\u00f6chte eine betroffene Person dieses Berichtigungsrecht in Anspruch nehmen, kann sie sich hierzu jederzeit an unseren Datenschutzbeauftragten oder einen anderen Mitarbeiter des f\u00fcr die Verarbeitung Verantwortlichen wenden.<\/p>\n<p>Jede von der Verarbeitung personenbezogener Daten betroffene Person hat das vom Europ\u00e4ischen Richtlinien- und Verordnungsgeber gew\u00e4hrte Recht, von dem Verantwortlichen zu verlangen, dass die sie betreffenden personenbezogenen Daten unverz\u00fcglich gel\u00f6scht werden, sofern einer der folgenden Gr\u00fcnde zutrifft und soweit die Verarbeitung nicht erforderlich ist:<\/p>\n<p>&#8211; Die personenbezogenen Daten wurden f\u00fcr solche Zwecke erhoben oder auf sonstige Weise verarbeitet, f\u00fcr welche sie nicht mehr notwendig sind.<\/p>\n<p>&#8211; Die betroffene Person widerruft ihre Einwilligung, auf die sich die Verarbeitung gem. Art. 6 Abs. 1 Buchst. a) DSGVO oder Art. 9 Abs. 2 Buchst. a) DSGVO st\u00fctzte, und es fehlt an einer anderweitigen Rechtsgrundlage f\u00fcr die Verarbeitung.<\/p>\n<p>&#8211; Die betroffene Person legt gem. Art. 21 Abs. 1 DSGVO Widerspruch gegen die Verarbeitung ein, und es liegen keine vorrangigen berechtigten Gr\u00fcnde f\u00fcr die Verarbeitung vor, oder die betroffene Person legt gem. Art. 21 Abs. 2 DSGVO Widerspruch gegen die Verarbeitung ein.<\/p>\n<p>&#8211; Die personenbezogenen Daten wurden unrechtm\u00e4\u00dfig verarbeitet.<\/p>\n<p>&#8211; Die L\u00f6schung der personenbezogenen Daten ist zur Erf\u00fcllung einer rechtlichen Verpflichtung nach dem Unionsrecht oder dem Recht der Mitgliedstaaten erforderlich, dem der Verantwortliche unterliegt.<\/p>\n<p>&#8211; Die personenbezogenen Daten wurden in Bezug auf angebotene Dienste der Informationsgesellschaft gem. Art. 8 Abs. 1 DSGVO erhoben.<\/p>\n<p>Sofern einer der o.g. Gr\u00fcnde zutrifft und eine betroffene Person die L\u00f6schung von personenbezogenen Daten, die bei der Rechtsanw\u00e4ltin Nickel gespeichert sind, veranlassen m\u00f6chte, kann sie sich hierzu jederzeit an unseren Datenschutzbeauftragten oder einen anderen Mitarbeiter des f\u00fcr die Verarbeitung Verantwortlichen wenden. Der Datenschutzbeauftragte der Rechtsanw\u00e4ltin Nickel oder ein anderer Mitarbeiter wird veranlassen, dass dem L\u00f6schverlangen unverz\u00fcglich nachgekommen wird.<\/p>\n<p>Wurden die personenbezogenen Daten von der Rechtsanw\u00e4ltin Nickel \u00f6ffentlich gemacht und ist unser Unternehmen als Verantwortlicher gem. Art. 17 Abs. 1 DSGVO zur L\u00f6schung der personenbezogenen Daten verpflichtet, so trifft die Kanzlei Nickel unter Ber\u00fccksichtigung der verf\u00fcgbaren Technologie und der Implementierungskosten angemessene Ma\u00dfnahmen, auch technischer Art, um andere f\u00fcr die Datenverarbeitung Verantwortliche, welche die ver\u00f6ffentlichten personenbezogenen Daten verarbeiten, dar\u00fcber in Kenntnis zu setzen, dass die betroffene Person von diesen anderen f\u00fcr die Datenverarbeitung Verantwortlichen die L\u00f6schung s\u00e4mtlicher Links zu diesen personenbezogenen Daten oder von Kopien oder Replikationen dieser personenbezogenen Daten verlangt hat, soweit die Verarbeitung nicht erforderlich ist. Der Datenschutzbeauftragte der Rechtsanw\u00e4ltin Nickel oder ein anderer Mitarbeiter wird im Einzelfall das Notwendige veranlassen.<\/p>\n<p>Jede von der Verarbeitung personenbezogener Daten betroffene Person hat das vom Europ\u00e4ischen Richtlinien- und Verordnungsgeber gew\u00e4hrte Recht, von dem Verantwortlichen die Einschr\u00e4nkung der Verarbeitung zu verlangen, wenn eine der folgenden Voraussetzungen gegeben ist:<\/p>\n<p>&#8211; Die Richtigkeit der personenbezogenen Daten wird von der betroffenen Person bestritten, und zwar f\u00fcr eine Dauer, die es dem Verantwortlichen erm\u00f6glicht, die Richtigkeit der personenbezogenen Daten zu \u00fcberpr\u00fcfen.<\/p>\n<p>&#8211; Die Verarbeitung ist unrechtm\u00e4\u00dfig, die betroffene Person lehnt die L\u00f6schung der personenbezogenen Daten ab und verlangt stattdessen die Einschr\u00e4nkung der Nutzung der personenbezogenen Daten.<\/p>\n<p>&#8211; Der Verantwortliche ben\u00f6tigt die personenbezogenen Daten f\u00fcr die Zwecke der Verarbeitung nicht l\u00e4nger, die betroffene Person ben\u00f6tigt sie jedoch zur Geltendmachung, Aus\u00fcbung oder Verteidigung von Rechtsanspr\u00fcchen.<\/p>\n<p>&#8211; Die betroffene Person hat Widerspruch gegen die Verarbeitung gem. Art. 21 Abs. 1 DSGVO eingelegt und es steht noch nicht fest, ob die berechtigten Gr\u00fcnde des Verantwortlichen gegen\u00fcber denen der betroffenen Person \u00fcberwiegen.<\/p>\n<p>Sofern eine der o.g. Voraussetzungen gegeben ist und eine betroffene Person die Einschr\u00e4nkung von personenbezogenen Daten, die bei der Rechtsanw\u00e4ltin Nickel gespeichert sind, verlangen m\u00f6chte, kann sie sich hierzu jederzeit an unseren Datenschutzbeauftragten oder einen anderen Mitarbeiter des f\u00fcr die Verarbeitung Verantwortlichen wenden. Der Datenschutzbeauftragte der Rechtsanw\u00e4ltin Nickel oder ein anderer Mitarbeiter wird die Einschr\u00e4nkung der Verarbeitung veranlassen.<\/p>\n<p>Jede von der Verarbeitung personenbezogener Daten betroffene Person hat das vom Europ\u00e4ischen Richtlinien- und Verordnungsgeber gew\u00e4hrte Recht, die sie betreffenden personenbezogenen Daten, welche durch die betroffene Person einem Verantwortlichen bereitgestellt wurden, in einem strukturierten, g\u00e4ngigen und maschinenlesbaren Format zu erhalten. Sie hat au\u00dferdem das Recht, diese Daten einem anderen Verantwortlichen ohne Behinderung durch den Verantwortlichen, dem die personenbezogenen Daten bereitgestellt wurden, zu \u00fcbermitteln, sofern die Verarbeitung auf der Einwilligung gem. Art. 6 Abs. 1 Buchst. a) DSGVO oder Art. 9 Abs. 2 Buchst. a) DSGVO oder auf einem Vertrag gem. Art. 6 Abs. 1 Buchst. b) DSGVO beruht und die Verarbeitung mithilfe automatisierter Verfahren erfolgt, sofern die Verarbeitung nicht f\u00fcr die Wahrnehmung einer Aufgabe erforderlich ist, die im \u00f6ffentlichen Interesse liegt oder in Aus\u00fcbung \u00f6ffentlicher Gewalt erfolgt, welche dem Verantwortlichen \u00fcbertragen wurde.<\/p>\n<p>Ferner hat die betroffene Person bei der Aus\u00fcbung ihres Rechts auf Daten\u00fcbertragbarkeit gem. Art. 20 Abs. 1 DSGVO das Recht, zu erwirken, dass die personenbezogenen Daten direkt von einem Verantwortlichen an einen anderen Verantwortlichen \u00fcbermittelt werden, soweit dies technisch machbar ist und sofern hiervon nicht die Rechte und Freiheiten anderer Personen beeintr\u00e4chtigt werden.<\/p>\n<p>Zur Geltendmachung des Rechts auf Daten\u00fcbertragbarkeit kann sich die betroffene Person jederzeit an den von der Rechtsanw\u00e4ltin Nickel bestellten Datenschutzbeauftragten oder einen anderen Mitarbeiter wenden.<\/p>\n<p>Jede von der Verarbeitung personenbezogener Daten betroffene Person hat das vom Europ\u00e4ischen Richtlinien- und Verordnungsgeber gew\u00e4hrte Recht, aus Gr\u00fcnden, die sich aus ihrer besonderen Situation ergeben, jederzeit gegen die Verarbeitung sie betreffender personenbezogener Daten, die aufgrund von Art. 6 Abs. 1 Buchst. e) oder f) DSGVO erfolgt, Widerspruch einzulegen. Dies gilt auch f\u00fcr ein auf diese Bestimmungen gest\u00fctztes Profiling.<\/p>\n<p>Die Kanzlei Nickel verarbeitet die personenbezogenen Daten im Fall des Widerspruchs nicht mehr, es sei denn, wir k\u00f6nnen zwingende schutzw\u00fcrdige Gr\u00fcnde f\u00fcr die Verarbeitung nachweisen, die den Interessen, Rechten und Freiheiten der betroffenen Person \u00fcberwiegen oder der Verarbeitung, Geltendmachung, Aus\u00fcbung oder Verteidigung von Rechtsanspr\u00fcchen dienen.<\/p>\n<p>Verarbeitet die Kanzlei Nickel personenbezogene Daten, um Direktwerbung zu betreiben, so hat die betroffene Person das Recht, jederzeit Widerspruch gegen die Verarbeitung der personenbezogenen Daten zum Zweck derartiger Werbung einzulegen. Dies gilt auch f\u00fcr das Profiling, soweit es mit solcher Direktwerbung in Verbindung steht. Widerspricht die betroffene Person gegen\u00fcber der Rechtsanw\u00e4ltin Nickel der Verarbeitung f\u00fcr Zwecke der Direktwerbung, so wird die Kanzlei Nickel die personenbezogenen Daten nicht mehr f\u00fcr diese Zwecke verarbeiten.<\/p>\n<p>Zudem hat die betroffene Person das Recht, aus Gr\u00fcnden, die sich aus ihrer besonderen Situation ergeben, gegen die sie betreffende Verarbeitung personenbezogener Daten, die bei der Rechtsanw\u00e4ltin Nickel zu wissenschaftlichen oder historischen Forschungszwecken oder zu statistischen Zwecken gem. Art. 89 Abs. 1 DSGVO erfolgen, Widerspruch einzulegen, es sei denn, eine solche Verarbeitung ist zur Erf\u00fcllung einer im \u00f6ffentlichen Interesse liegenden Aufgabe erforderlich.<\/p>\n<p>Zur Aus\u00fcbung des Rechts auf Widerspruch kann sich die betroffene Person direkt an den Datenschutzbeauftragten der Rechtsanw\u00e4ltin Nickel oder einen anderen Mitarbeiter wenden. Der betroffenen Person steht es ferner frei, im Zusammenhang mit der Nutzung von Diensten der Informationsgesellschaft, ungeachtet der Richtlinie 2002\/58\/EG, ihr Widerspruchsrecht mittels automatisierter Verfahren auszu\u00fcben, bei denen technische Spezifikationen verwendet werden.<\/p>\n<p>Jede von der Verarbeitung personenbezogener Daten betroffene Person hat das vom Europ\u00e4ischen Richtlinien- und Verordnungsgeber gew\u00e4hrte Recht, nicht einer ausschlie\u00dflich auf einer automatisierten Verarbeitung &#8211; einschlie\u00dflich Profiling &#8211; beruhenden Entscheidung unterworfen zu werden, die ihr gegen\u00fcber rechtliche Wirkung entfaltet oder sie in \u00e4hnlicher Weise erheblich beeintr\u00e4chtigt, sofern die Entscheidung<\/p>\n<p>a) nicht f\u00fcr den Abschluss oder die Erf\u00fcllung eines Vertrags zwischen der betroffenen Person und dem Verantwortlichen erforderlich ist, oder<\/p>\n<p>b) aufgrund von Rechtsvorschriften der Union oder der Mitgliedstaaten, denen der Verantwortliche unterliegt, zul\u00e4ssig ist und diese Rechtsvorschriften angemessene Ma\u00dfnahmen zur Wahrung der Rechte und Freiheiten sowie der berechtigten Interessen der betroffenen Person enthalten oder<\/p>\n<p>c) mit ausdr\u00fccklicher Einwilligung der betroffenen Person erfolgt.<\/p>\n<p>Ist die Entscheidung<\/p>\n<p>a) f\u00fcr den Abschluss oder die Erf\u00fcllung eines Vertrags zwischen der betroffenen Person und dem Verantwortlichen erforderlich oder<\/p>\n<p>b) erfolgt sie mit ausdr\u00fccklicher Einwilligung der betroffenen Person, trifft die Kanzlei Nickel angemessene Ma\u00dfnahmen, um die Rechte und Freiheiten sowie die berechtigten Interessen der betroffenen Person zu wahren, wozu mindestens das Recht auf Erwirkung des Eingreifens einer Person seitens des Verantwortlichen, auf Darlegung des eigenen Standpunkts und auf Anfechtung der Entscheidung geh\u00f6rt.<\/p>\n<p>M\u00f6chte die betroffene Person Rechte mit Bezug auf automatisierte Entscheidungen geltend machen, kann sie sich hierzu jederzeit an unseren Datenschutzbeauftragten oder einen anderen Mitarbeiter des f\u00fcr die Verarbeitung Verantwortlichen wenden.<\/p>\n<p>Jede von der Verarbeitung personenbezogener Daten betroffene Person hat das vom Europ\u00e4ischen Richtlinien- und Verordnungsgeber gew\u00e4hrte Recht, eine Einwilligung zur Verarbeitung personenbezogener Daten jederzeit zu widerrufen.<\/p>\n<p>M\u00f6chte die betroffene Person ihr Recht auf Widerruf einer Einwilligung geltend machen, kann sie sich hierzu jederzeit an unseren Datenschutzbeauftragten oder einen anderen Mitarbeiter des f\u00fcr die Verarbeitung Verantwortlichen wenden.<\/p>\n<p>11. Rechtsgrundlage der Verarbeitung<\/p>\n<p>Art. 6 Abs. 1 Buchst. a) DSGVO dient unserem Unternehmen als Rechtsgrundlage f\u00fcr Verarbeitungsvorg\u00e4nge, bei denen wir eine Einwilligung f\u00fcr einen bestimmten Verarbeitungszweck einholen. Ist die Verarbeitung personenbezogener Daten zur Erf\u00fcllung eines Vertrags, dessen Vertragspartei die betroffene Person ist, erforderlich, wie dies beispielsweise bei Verarbeitungsvorg\u00e4ngen der Fall ist, die f\u00fcr eine Lieferung von Waren oder die Erbringung einer sonstigen Leistung oder Gegenleistung notwendig sind, so beruht die Verarbeitung auf Art. 6 Abs. 1 Buchst. b) DSGVO. Gleiches gilt f\u00fcr solche Verarbeitungsvorg\u00e4nge, die zur Durchf\u00fchrung vorvertraglicher Ma\u00dfnahmen erforderlich sind, etwa in F\u00e4llen von Anfragen zur unseren Produkten oder Leistungen. Unterliegt unser Unternehmen einer rechtlichen Verpflichtung, durch welche eine Verarbeitung von personenbezogenen Daten erforderlich wird, wie beispielsweise zur Erf\u00fcllung steuerlicher Pflichten, so basiert die Verarbeitung auf Art. 6 Abs. 1 Buchst. c) DSGVO. In seltenen F\u00e4llen k\u00f6nnte die Verarbeitung von personenbezogenen Daten erforderlich werden, um lebenswichtige Interessen der betroffenen Person oder einer anderen nat\u00fcrlichen Person zu sch\u00fctzen. Dies w\u00e4re beispielsweise der Fall, wenn ein Besucher in unserem Betrieb verletzt werden w\u00fcrde und daraufhin sein Name, sein Alter, seine Krankenkassendaten oder sonstige lebenswichtige Informationen an einen Arzt, ein Krankenhaus oder sonstige Dritte weitergegeben werden m\u00fcssten. Dann w\u00fcrde die Verarbeitung auf Art. 6 Abs. 1 Buchst. d) DSGVO beruhen. Letztlich k\u00f6nnten Verarbeitungsvorg\u00e4nge auf Art. 6 Abs. 1 Buchst. f) DSGVO beruhen. Auf dieser Rechtsgrundlage basieren Verarbeitungsvorg\u00e4nge, die von keiner der vorgenannten Rechtsgrundlagen erfasst werden, wenn die Verarbeitung zur Wahrung eines berechtigten Interesses unseres Unternehmens oder eines Dritten erforderlich ist, sofern die Interessen, Grundrechte und Grundfreiheiten des Betroffenen nicht \u00fcberwiegen. Solche Verarbeitungsvorg\u00e4nge sind uns insbesondere deshalb gestattet, weil sie durch den Europ\u00e4ischen Gesetzgeber besonders erw\u00e4hnt wurden. Er vertrat insoweit die Auffassung, dass ein berechtigtes Interesse anzunehmen sein k\u00f6nnte, wenn die betroffene Person ein Kunde des Verantwortlichen ist (Erw\u00e4gungsgrund 47 Satz 2 DSGVO).<\/p>\n<p>12. Berechtigte Interessen an der Verarbeitung, die von dem Verantwortlichen oder einem Dritten verfolgt werden<\/p>\n<p>Basiert die Verarbeitung personenbezogener Daten auf Art. 6 Abs. 1 Buchst. f) DSGVO, ist unser berechtigtes Interesse die Durchf\u00fchrung unserer Gesch\u00e4ftst\u00e4tigkeit zugunsten des Wohlergehens all unserer Mitarbeiter und unserer Anteilseigner.<\/p>\n<p>13. Der Verantwortliche bzw. Ihr Ansprechpartner<\/p>\n<p>Bei Fragen zur Erhebung, Verarbeitung oder Nutzung Ihrer personenbezogenen Daten, bei Ausk\u00fcnften, Berichtigung, Sperrung oder L\u00f6schung von Daten sowie Widerruf erteilter Einwilligungen oder Widerspruch gegen eine bestimmte Datenverwendung wenden Sie sich bitte direkt an:<\/p>\n<p>Martina Nickel<br \/>\nWesterbergstr. 7<br \/>\n32289 R\u00f6dinghausen<\/p>\n<p>Telefon: 05746\/920501<br \/>\nFax: \u00a0\u00a0 \u00a0\u00a0\u00a0 05746\/920502<\/p>\n<p>info@nickel-rechtsanwaeltin.de<\/p>\n<p>______________________________________________________________________ Stand: Mai 2018<\/p>\n<p><strong>E.\u00a0\u00a0\u00a0\u00a0\u00a0\u00a0 Rechtswirksamkeit dieses Haftungsausschlusses<\/strong><\/p>\n<p>Dieser Haftungsausschluss ist als Teil des Internetangebotes zu betrachten, von dem aus auf diese Seite verwiesen wurde. Sofern Teile oder einzelne Formulierungen dieses Textes der geltenden Rechtslage nicht, nicht mehr oder nicht vollst\u00e4ndig entsprechen sollten, bleiben die \u00fcbrigen Teile des Dokumentes in ihrem Inhalt und ihrer G\u00fcltigkeit davon unber\u00fchrt.<\/p>\n<\/div>\n<h4><\/h4>\n<\/div><\/section><\/div>\n","protected":false},"excerpt":{"rendered":"","protected":false},"author":1,"featured_media":0,"parent":0,"menu_order":0,"comment_status":"closed","ping_status":"closed","template":"","meta":{"footnotes":""},"class_list":["post-9","page","type-page","status-publish","hentry"],"_links":{"self":[{"href":"https:\/\/nickel-rechtsanwaeltin.de\/index.php?rest_route=\/wp\/v2\/pages\/9","targetHints":{"allow":["GET"]}}],"collection":[{"href":"https:\/\/nickel-rechtsanwaeltin.de\/index.php?rest_route=\/wp\/v2\/pages"}],"about":[{"href":"https:\/\/nickel-rechtsanwaeltin.de\/index.php?rest_route=\/wp\/v2\/types\/page"}],"author":[{"embeddable":true,"href":"https:\/\/nickel-rechtsanwaeltin.de\/index.php?rest_route=\/wp\/v2\/users\/1"}],"replies":[{"embeddable":true,"href":"https:\/\/nickel-rechtsanwaeltin.de\/index.php?rest_route=%2Fwp%2Fv2%2Fcomments&post=9"}],"version-history":[{"count":58,"href":"https:\/\/nickel-rechtsanwaeltin.de\/index.php?rest_route=\/wp\/v2\/pages\/9\/revisions"}],"predecessor-version":[{"id":97,"href":"https:\/\/nickel-rechtsanwaeltin.de\/index.php?rest_route=\/wp\/v2\/pages\/9\/revisions\/97"}],"wp:attachment":[{"href":"https:\/\/nickel-rechtsanwaeltin.de\/index.php?rest_route=%2Fwp%2Fv2%2Fmedia&parent=9"}],"curies":[{"name":"wp","href":"https:\/\/api.w.org\/{rel}","templated":true}]}}